{"id":18157,"date":"2026-03-13T00:53:49","date_gmt":"2026-03-13T00:53:49","guid":{"rendered":"https:\/\/sindeperbo.com\/?page_id=18157"},"modified":"2026-04-13T15:10:53","modified_gmt":"2026-04-13T15:10:53","slug":"redes-sociales-sindeperbo","status":"publish","type":"page","link":"https:\/\/sindeperbo.com\/index.php\/redes-sociales-sindeperbo\/","title":{"rendered":"Redes Sociales"},"content":{"rendered":"\n<div style=\"height:63px\" aria-hidden=\"true\" class=\"wp-block-spacer\"><\/div>\n\n\n\n<p class=\"has-text-align-center\"><strong>Con\u00e9ctate con SINDEPERBO y ent\u00e9rate de nuestras actividades<\/strong><\/p>\n\n\n\n<figure class=\"wp-block-embed aligncenter is-type-rich is-provider-twitter wp-block-embed-twitter\"><div class=\"wp-block-embed__wrapper\">\n<a class=\"twitter-timeline\" data-width=\"1170\" data-height=\"1000\" data-dnt=\"true\" href=\"https:\/\/twitter.com\/sindeperbo?ref_src=twsrc%5Etfw\">Tweets by sindeperbo<\/a><script async src=\"https:\/\/platform.twitter.com\/widgets.js\" charset=\"utf-8\"><\/script>\n<\/div><\/figure>\n\n\n\n<div class=\"wp-block-group\"><div class=\"wp-block-group__inner-container is-layout-constrained wp-block-group-is-layout-constrained\">\n<div class=\"wp-block-columns is-layout-flex wp-container-core-columns-is-layout-9d6595d7 wp-block-columns-is-layout-flex\">\n<div class=\"wp-block-column is-layout-flow wp-block-column-is-layout-flow\" style=\"flex-basis:100%\">\n<div class=\"wp-block-columns is-layout-flex wp-container-core-columns-is-layout-9d6595d7 wp-block-columns-is-layout-flex\">\n<div class=\"wp-block-column is-layout-flow wp-block-column-is-layout-flow\">\n<figure class=\"wp-block-embed is-type-rich is-provider-twitter wp-block-embed-twitter\"><div class=\"wp-block-embed__wrapper\">\n<blockquote class=\"twitter-tweet\" data-width=\"550\" data-dnt=\"true\"><p lang=\"es\" dir=\"ltr\">Con la charla &quot;Derecho de las mujeres a una vida libre de violencias y Ruta \u00danica de Atenci\u00f3n&quot; dictada por la <a href=\"https:\/\/twitter.com\/secredistmujer?ref_src=twsrc%5Etfw\">@secredistmujer<\/a>, con la m\u00fasica del grupo Mayitamar y la entrega de un detalle, Conmemoramos el D\u00eda Internacional de la Mujer.<br><br>\u00a1S\u00famate al cambio: Aprende a prevenir las\u2026 <a href=\"https:\/\/t.co\/jenAjcTC5p\">pic.twitter.com\/jenAjcTC5p<\/a><\/p>&mdash; SINDEPERBO (@sindeperbo) <a href=\"https:\/\/twitter.com\/sindeperbo\/status\/2032418596912013607?ref_src=twsrc%5Etfw\">March 13, 2026<\/a><\/blockquote><script async src=\"https:\/\/platform.twitter.com\/widgets.js\" charset=\"utf-8\"><\/script>\n<\/div><\/figure>\n<\/div>\n\n\n\n<div class=\"wp-block-column is-layout-flow wp-block-column-is-layout-flow\">\n<figure class=\"wp-block-embed is-type-rich is-provider-twitter wp-block-embed-twitter\"><div class=\"wp-block-embed__wrapper\">\n<blockquote class=\"twitter-tweet\" data-width=\"550\" data-dnt=\"true\"><p lang=\"es\" dir=\"ltr\">El Personero Local de Suba II habr\u00eda hecho proselitismo pol\u00edtico en favor del candidato <a href=\"https:\/\/twitter.com\/AndersonAcostaT?ref_src=twsrc%5Etfw\">@AndersonAcostaT<\/a> del <a href=\"https:\/\/twitter.com\/CeDemocratico?ref_src=twsrc%5Etfw\">@CeDemocratico<\/a><br><br>Y a pesar de las evidencias, el se\u00f1or Personero de Bogot\u00e1 <a href=\"https:\/\/twitter.com\/andrescastrofr?ref_src=twsrc%5Etfw\">@andrescastrofr<\/a> lo habr\u00eda mantenido en su cargo al menos durante un mes. <a href=\"https:\/\/t.co\/pAEZQRKEQi\">pic.twitter.com\/pAEZQRKEQi<\/a><\/p>&mdash; SINDEPERBO (@sindeperbo) <a href=\"https:\/\/twitter.com\/sindeperbo\/status\/2016510006925877538?ref_src=twsrc%5Etfw\">January 28, 2026<\/a><\/blockquote><script async src=\"https:\/\/platform.twitter.com\/widgets.js\" charset=\"utf-8\"><\/script>\n<\/div><\/figure>\n<\/div>\n<\/div>\n<\/div>\n<\/div>\n<\/div><\/div>\n\n\n\n<p>Youtube <\/p>\n\n\n\n<figure class=\"wp-block-embed is-type-video is-provider-youtube wp-block-embed-youtube wp-embed-aspect-16-9 wp-has-aspect-ratio\"><div class=\"wp-block-embed__wrapper\">\n<iframe title=\"SINDEPERBO fue condecorado con la Orden Civil al M\u00e9rito Sindical en Grado Cruz de Oro 2025\" width=\"1170\" height=\"658\" src=\"https:\/\/www.youtube.com\/embed\/ua-bz7XhN4k?feature=oembed\" frameborder=\"0\" allow=\"accelerometer; autoplay; clipboard-write; encrypted-media; gyroscope; picture-in-picture; web-share\" referrerpolicy=\"strict-origin-when-cross-origin\" allowfullscreen><\/iframe>\n<\/div><\/figure>\n\n\n\n<div class=\"wp-block-columns is-layout-flex wp-container-core-columns-is-layout-9d6595d7 wp-block-columns-is-layout-flex\">\n<div class=\"wp-block-column is-layout-flow wp-block-column-is-layout-flow\">\n<figure class=\"wp-block-embed is-type-video is-provider-youtube wp-block-embed-youtube wp-embed-aspect-16-9 wp-has-aspect-ratio\"><div class=\"wp-block-embed__wrapper\">\n<iframe title=\"\u00a1Publicar y comunicar es un derecho sindical! Desde SINDEPERBO recordarnos porqu\u00e9.\" width=\"1170\" height=\"658\" src=\"https:\/\/www.youtube.com\/embed\/2Ife8itJriw?feature=oembed\" frameborder=\"0\" allow=\"accelerometer; autoplay; clipboard-write; encrypted-media; gyroscope; picture-in-picture; web-share\" referrerpolicy=\"strict-origin-when-cross-origin\" allowfullscreen><\/iframe>\n<\/div><\/figure>\n<\/div>\n\n\n\n<div class=\"wp-block-column is-layout-flow wp-block-column-is-layout-flow\">\n<figure class=\"wp-block-embed is-type-video is-provider-youtube wp-block-embed-youtube wp-embed-aspect-16-9 wp-has-aspect-ratio\"><div class=\"wp-block-embed__wrapper\">\n<iframe title=\"Violaci\u00f3n derecho preferencial de encargo en la Personer\u00eda de Bogot\u00e1\" width=\"1170\" height=\"658\" src=\"https:\/\/www.youtube.com\/embed\/HShkOybxaak?feature=oembed\" frameborder=\"0\" allow=\"accelerometer; autoplay; clipboard-write; encrypted-media; gyroscope; picture-in-picture; web-share\" referrerpolicy=\"strict-origin-when-cross-origin\" allowfullscreen><\/iframe>\n<\/div><\/figure>\n<\/div>\n\n\n\n<div class=\"wp-block-column is-layout-flow wp-block-column-is-layout-flow\">\n<figure class=\"wp-block-embed is-type-video is-provider-youtube wp-block-embed-youtube wp-embed-aspect-16-9 wp-has-aspect-ratio\"><div class=\"wp-block-embed__wrapper\">\n<iframe title=\"SINDEPERBO se levant\u00f3 de la mesa de negociaci\u00f3n sindical en la Personer\u00eda de Bogot\u00e1, D.C.\" width=\"1170\" height=\"658\" src=\"https:\/\/www.youtube.com\/embed\/FaRjxZIzcFk?feature=oembed\" frameborder=\"0\" allow=\"accelerometer; autoplay; clipboard-write; encrypted-media; gyroscope; picture-in-picture; web-share\" referrerpolicy=\"strict-origin-when-cross-origin\" allowfullscreen><\/iframe>\n<\/div><\/figure>\n<\/div>\n<\/div>\n","protected":false},"excerpt":{"rendered":"<p>Con\u00e9ctate con SINDEPERBO y ent\u00e9rate de nuestras actividades Youtube<\/p>\n","protected":false},"author":1,"featured_media":0,"parent":0,"menu_order":0,"comment_status":"closed","ping_status":"closed","template":"","meta":{"om_disable_all_campaigns":false,"_monsterinsights_skip_tracking":false,"_monsterinsights_sitenote_active":false,"_monsterinsights_sitenote_note":"","_monsterinsights_sitenote_category":0,"footnotes":""},"class_list":["post-18157","page","type-page","status-publish","hentry"],"aioseo_notices":[],"_links":{"self":[{"href":"https:\/\/sindeperbo.com\/index.php\/wp-json\/wp\/v2\/pages\/18157","targetHints":{"allow":["GET"]}}],"collection":[{"href":"https:\/\/sindeperbo.com\/index.php\/wp-json\/wp\/v2\/pages"}],"about":[{"href":"https:\/\/sindeperbo.com\/index.php\/wp-json\/wp\/v2\/types\/page"}],"author":[{"embeddable":true,"href":"https:\/\/sindeperbo.com\/index.php\/wp-json\/wp\/v2\/users\/1"}],"replies":[{"embeddable":true,"href":"https:\/\/sindeperbo.com\/index.php\/wp-json\/wp\/v2\/comments?post=18157"}],"version-history":[{"count":10,"href":"https:\/\/sindeperbo.com\/index.php\/wp-json\/wp\/v2\/pages\/18157\/revisions"}],"predecessor-version":[{"id":18361,"href":"https:\/\/sindeperbo.com\/index.php\/wp-json\/wp\/v2\/pages\/18157\/revisions\/18361"}],"wp:attachment":[{"href":"https:\/\/sindeperbo.com\/index.php\/wp-json\/wp\/v2\/media?parent=18157"}],"curies":[{"name":"wp","href":"https:\/\/api.w.org\/{rel}","templated":true}]}}